{"id":21693,"date":"2019-04-02T16:17:42","date_gmt":"2019-04-02T14:17:42","guid":{"rendered":"https:\/\/macchiaverde-bio.shop\/adatvedelmi-szabalyzat\/"},"modified":"2025-02-03T01:10:02","modified_gmt":"2025-02-03T00:10:02","slug":"adatvedelmi-szabalyzat","status":"publish","type":"page","link":"https:\/\/macchiaverde-bio.shop\/hu\/adatvedelmi-szabalyzat\/","title":{"rendered":"adatv\u00e9delmi szab\u00e1lyzat"},"content":{"rendered":"\n<div class=\"container section-title-container\" ><h1 class=\"section-title section-title-normal\"><b aria-hidden=\"true\"><\/b><span class=\"section-title-main\" >adatv\u00e9delmi szab\u00e1lyzat<\/span><b aria-hidden=\"true\"><\/b><\/h1><\/div>\n\n<h5>1. \u00c1ltal\u00e1nos<\/h5>\n<p><strong>A macchiaverdie-bio.shop<\/strong> \u00e1ltal a v\u00e1s\u00e1rl\u00f3nak vagy l\u00e1togat\u00f3nak ny\u00fajtott \u00f6sszes szolg\u00e1ltat\u00e1s kiz\u00e1r\u00f3lag az al\u00e1bbi \u00e1ltal\u00e1nos szerz\u0151d\u00e9si felt\u00e9telek alapj\u00e1n t\u00f6rt\u00e9nik. Az ett\u0151l elt\u00e9r\u0151 el\u0151\u00edr\u00e1sok csak akkor \u00e9rv\u00e9nyesek, ha azokat a MACCHIA VERDE BIO \u00e9s a v\u00e1s\u00e1rl\u00f3 egyedileg egyeztette. <\/p>\n<h5>2. Szerz\u0151d\u00e9sk\u00f6t\u00e9s<\/h5>\n<p>2.1&nbsp;&nbsp;&nbsp; A web\u00e1ruh\u00e1z aj\u00e1nlatai nem k\u00f6telez\u0151 \u00e9rv\u00e9ny\u0171 felh\u00edv\u00e1st jelentenek a v\u00e1s\u00e1rl\u00f3 sz\u00e1m\u00e1ra, hogy \u00e1rut rendeljen a web\u00e1ruh\u00e1zban.<\/p>\n<p>2.2&nbsp;&nbsp;&nbsp; A k\u00edv\u00e1nt \u00e1ru interneten t\u00f6rt\u00e9n\u0151 megrendel\u00e9s\u00e9vel a v\u00e1s\u00e1rl\u00f3 k\u00f6telez\u0151 \u00e9rv\u00e9ny\u0171 aj\u00e1nlatot tesz az ad\u00e1sv\u00e9teli szerz\u0151d\u00e9s megk\u00f6t\u00e9s\u00e9re.<\/p>\n<p>2.3&nbsp;&nbsp;&nbsp;  A Macchia Verde Bio ol\u00edvaolaj malom halad\u00e9ktalanul, de legk\u00e9s\u0151bb a megrendel\u00e9s k\u00e9zhezv\u00e9tel\u00e9t k\u00f6vet\u0151en visszaigazolja a megrendel\u00e9s \u00e1tv\u00e9tel\u00e9t. A megrendel\u00e9s visszaigazol\u00e1sa r\u00e9sz\u00fcnkr\u0151l nem min\u0151s\u00fcl jogi elfogad\u00e1snak. Csak akkor fogadjuk el az aj\u00e1nlatot, amikor az \u00e1rut kisz\u00e1ll\u00edtjuk \u00d6nnek. A sz\u00e1ll\u00edt\u00e1sr\u00f3l \u00edr\u00e1sos visszaigazol\u00e1st kap e-mailben. A vev\u0151 azonban legfeljebb 14 napig k\u00f6t\u0151dik az aj\u00e1nlat\u00e1hoz, kiv\u00e9ve, ha m\u00e1s meg\u00e1llapod\u00e1st k\u00f6t\u00f6ttek (\u00fajrarendel\u00e9s, sz\u00e1ll\u00edt\u00e1s, amikor \u00fajra el\u00e9rhet\u0151).    <\/p>\n<p>2.4&nbsp;&nbsp;&nbsp;  A szerz\u0151d\u00e9s t\u00e1rgya a vev\u0151 \u00e1ltal megrendelt \u00e1ru. A min\u0151s\u00e9g tekintet\u00e9ben az aj\u00e1nlati le\u00edr\u00e1s az ir\u00e1nyad\u00f3;  <\/p>\n<h5>3. Visszak\u00fcld\u00e9si k\u00f6lts\u00e9g meg\u00e1llapod\u00e1s, el\u00e1ll\u00e1si jog, el\u00e1ll\u00e1si jog kiz\u00e1r\u00e1sa<\/h5>\n<p>K\u00f6lts\u00e9gvisel\u00e9si meg\u00e1llapod\u00e1s: Ha \u00d6n \u00e9l el\u00e1ll\u00e1si jog\u00e1val, akkor \u00d6nnek kell viselnie az \u00e1ru visszak\u00fcld\u00e9s\u00e9nek rendszeres k\u00f6lts\u00e9geit, ha a lesz\u00e1ll\u00edtott \u00e1ru megfelel a megrendeltnek, \u00e9s ha a visszak\u00fcldend\u0151 \u00e1ru \u00e1ra nem haladja meg a 40 eur\u00f3 \u00f6sszeg\u0171, vagy ha magasabb \u00e1rat fizetett, az \u00e1ru ellen\u00e9rt\u00e9ke vagy szerz\u0151d\u00e9sben v\u00e1llalt r\u00e9szfizet\u00e9se a visszavon\u00e1s id\u0151pontj\u00e1ban m\u00e9g nem t\u00f6rt\u00e9nt meg. Ellenkez\u0151 esetben a visszak\u00fcld\u00e9s \u00d6nnek ingyenes. <\/p>\n<p>El\u00e1ll\u00e1si jog:<br> Az <a href=\"https:\/\/www.olivenoel-muehle.de\/widerrufsbelehrung\/\" target=\"_blank\" rel=\"noopener\"><strong><em>itt<\/em><\/strong><\/a> megtekinthet\u0151 szab\u00e1lyzat \u00e9rv\u00e9nyes.<\/p>\n<p>Az el\u00e1ll\u00e1si jog kiz\u00e1r\u00e1sa:<br> ha az \u00e1rut a vev\u0151 specifik\u00e1ci\u00f3i szerint k\u00e9sz\u00edtett\u00e9k, vagy egy\u00e9rtelm\u0171en az \u00d6n szem\u00e9lyes ig\u00e9nyeire szabt\u00e1k, vagy amelyek term\u00e9szet\u00fckn\u00e9l fogva nem alkalmasak a visszak\u00fcld\u00e9sre. Ezenk\u00edv\u00fcl a n\u00e9met polg\u00e1ri t\u00f6rv\u00e9nyk\u00f6nyv (BGB) 312d. szakasz\u00e1nak (4) bekezd\u00e9s\u00e9nek egy\u00e9b eseteire is vonatkoznak.  <\/p>\n<h5>4. sz\u00e1ll\u00edt\u00e1s<\/h5>\n<p>4.1. Alle Artikel werden umgehend, sofern ab Lager verf\u00fcgbar, ausgeliefert. Die Lieferung Ihrer Bestellung erfolgt in die im Checkout ausw\u00e4hlbaren L\u00e4nder innerhalb der europ\u00e4ischen Union.  <\/p>\n<p>4.2. Die Lieferzeit innerhalb der europ\u00e4ischen Union betr\u00e4gt in der Regel 5-7 Tage, sofern nicht gesondert angegeben. N\u00e4here Informationen erhalten Sie mit der Tracking Nummer auf der Sendungsverfolgung oder auf den Informationsseiten des jeweiligen Logistikers.  <\/p>\n<p>4.3. Sollte es zu einer kurzfristigen Nichtverf\u00fcgbarkeit eines Artikels kommen und daher nicht verf\u00fcgbar sein, informieren wir Sie per E-Mail \u00fcber die erwartede Lieferzeit oder bieten Ihnen einen Alternativartikel an. <\/p>\n<h5>5. Csomagol\u00e1s \u00e9s sz\u00e1ll\u00edt\u00e1si k\u00f6lts\u00e9gek<\/h5>\n<p>A csomagol\u00e1si \u00e9s sz\u00e1ll\u00edt\u00e1si k\u00f6lts\u00e9gekre vonatkoz\u00f3 el\u0151\u00edr\u00e1sok \u00e9rv\u00e9nyesek \u00e9s megtekinthet\u0151 <a href=\"https:\/\/www.olivenoel-muehle.de\/versandarten\/\" target=\"_blank\" rel=\"noopener\"><strong><em>itt<\/em><\/strong><\/a> .<\/p>\n<h5>6. Fizet\u00e9s, tulajdonjog fenntart\u00e1sa<\/h5>\n<p>6.1 Az \u00f6sszes felt\u00fcntetett \u00e1r brutt\u00f3 eur\u00f3ban \u00e9rtend\u0151, \u00e9s tartalmazza az Olasz K\u00f6zt\u00e1rsas\u00e1g t\u00f6rv\u00e9nyes 4%-os vagy 21%-os \u00e1f\u00e1j\u00e1t. A megrendel\u00e9s napj\u00e1n \u00e9rv\u00e9nyes \u00e1rak \u00e9rv\u00e9nyesek. <\/p>\n<p>6.2 A p\u00e9nzt\u00e1rn\u00e1l megadott fizet\u00e9si m\u00f3dok \u00e9rv\u00e9nyesek. A megrendel\u00e9s elk\u00e9sz\u00fcltekor megt\u00f6rt\u00e9nik az el\u0151enged\u00e9lyez\u00e9s, amely a sz\u00e1mla elk\u00e9sz\u00edt\u00e9sekor ker\u00fcl enged\u00e9lyez\u00e9sre. Ez a kisz\u00e1ll\u00edt\u00e1sra val\u00f3 kiad\u00e1ssal egy id\u0151ben t\u00f6rt\u00e9nik. Err\u0151l k\u00fcl\u00f6n \u00fczenetet fog kapni. Emellett a PayPal Inc. \u00e9s a Stripe Inc. szolg\u00e1ltat\u00f3k fizet\u00e9si felt\u00e9telei \u00e9rv\u00e9nyesek.     <\/p>\n<p>6.3 A lesz\u00e1ll\u00edtott \u00e1ru a teljes fizet\u00e9sig a mi tulajdonunkban marad (a tulajdonjog fenntart\u00e1sa a BGB 158. \u00a7-a szerint, 449 BGB). A megrendel\u0151 k\u00f6teles halad\u00e9ktalanul t\u00e1j\u00e9koztatni benn\u00fcnket a harmadik f\u00e9l \u00e1ltal a lefoglalt \u00e1ruval szemben megtett v\u00e9grehajt\u00e1si int\u00e9zked\u00e9sekr\u0151l \u00e9s \u00e1tadni a beavatkoz\u00e1shoz sz\u00fcks\u00e9ges dokumentumokat; Ez vonatkozik minden m\u00e1s jelleg\u0171 \u00e9rt\u00e9kveszt\u00e9sre is. Ett\u0151l f\u00fcggetlen\u00fcl a v\u00e1s\u00e1rl\u00f3nak el\u0151zetesen t\u00e1j\u00e9koztatnia kell harmadik feleket az \u00e1ruval kapcsolatos jogair\u00f3l. <\/p>\n<h5>7. Garancia<\/h5>\n<p>Amennyiben az ut\u00f3lagos teljes\u00edt\u00e9s cseresz\u00e1ll\u00edt\u00e1ssal t\u00f6rt\u00e9nik, a megrendel\u0151 k\u00f6teles az eredetileg hozz\u00e1nk sz\u00e1ll\u00edtott \u00e1rut 30 napon bel\u00fcl a mi k\u00f6lts\u00e9g\u00fcnkre visszak\u00fcldeni. A hib\u00e1s \u00e1ru visszak\u00fcld\u00e9s\u00e9t a t\u00f6rv\u00e9nyi el\u0151\u00edr\u00e1soknak megfelel\u0151en kell v\u00e9grehajtani. Fenntartjuk a jogot a k\u00e1rt\u00e9r\u00edt\u00e9s ig\u00e9nyl\u00e9s\u00e9re a t\u00f6rv\u00e9nyben meghat\u00e1rozott felt\u00e9telek mellett. A mell\u00e9kszerz\u0151d\u00e9sek csak \u00edr\u00e1sos form\u00e1ban \u00e9rv\u00e9nyesek.   <\/p>\n<h5>8. Felel\u0151ss\u00e9g a hib\u00e1k\u00e9rt<\/h5>\n<p>8.1&nbsp;&nbsp;&nbsp;  Az olivenoele.com felel\u0151ss\u00e9get v\u00e1llal sz\u00e1nd\u00e9koss\u00e1g vagy s\u00falyos gondatlans\u00e1g eset\u00e9n a t\u00f6rv\u00e9nyi rendelkez\u00e9seknek megfelel\u0151en. A j\u00f3t\u00e1ll\u00e1si felel\u0151ss\u00e9g v\u00e9tkess\u00e9gt\u0151l f\u00fcggetlen. Enyhe gondatlans\u00e1g\u00e9rt a web\u00e1ruh\u00e1z kiz\u00e1r\u00f3lag a term\u00e9kfelel\u0151ss\u00e9gi t\u00f6rv\u00e9nyben foglaltak szerint felel az \u00e9letet, testet vagy eg\u00e9szs\u00e9get \u00e9rint\u0151 s\u00e9r\u00fcl\u00e9s\u00e9rt, illetve l\u00e9nyeges szerz\u0151d\u00e9ses k\u00f6telezetts\u00e9gek megszeg\u00e9s\u00e9\u00e9rt. A l\u00e9nyeges szerz\u0151d\u00e9ses k\u00f6telezetts\u00e9gek enyh\u00e9n gondatlan megszeg\u00e9se miatti k\u00e1rt\u00e9r\u00edt\u00e9si ig\u00e9ny azonban a szerz\u0151d\u00e9sre jellemz\u0151 el\u0151rel\u00e1that\u00f3 k\u00e1rra korl\u00e1toz\u00f3dik, kiv\u00e9ve, ha a felel\u0151ss\u00e9g \u00e9let-, testi- vagy eg\u00e9szs\u00e9gk\u00e1rosod\u00e1s miatt keletkezik. Az online \u00e1ruh\u00e1z azonos m\u00e9rt\u00e9kben felel a helyettes \u00fcgyn\u00f6k\u00f6k \u00e9s k\u00e9pvisel\u0151k hanyags\u00e1g\u00e1\u00e9rt.    <\/p>\n<p>8.2&nbsp;&nbsp;&nbsp; Az el\u0151z\u0151 (8.1) bekezd\u00e9s rendelkez\u00e9se a jogalapt\u00f3l f\u00fcggetlen\u00fcl kiterjed a teljes\u00edt\u00e9sen fel\u00fcli k\u00e1rt\u00e9r\u00edt\u00e9sre, a teljes\u00edt\u00e9s helyetti kompenz\u00e1ci\u00f3ra \u00e9s az elpazarolt kiad\u00e1sok megt\u00e9r\u00edt\u00e9s\u00e9re vonatkoz\u00f3 ig\u00e9nyekre, ide\u00e9rtve a hiba, k\u00e9sedelem vagy ellehetetlen\u00fcl\u00e9s miatti felel\u0151ss\u00e9get is.<\/p>\n<h5>9. Adatv\u00e9delem<\/h5>\n<p>Adatv\u00e9delmi szab\u00e1lyzatunk \u00e9rv\u00e9nyes, \u00e9s <a href=\"https:\/\/www.olivenoel-muehle.de\/datenschutzerklaerung\/\" target=\"_blank\" rel=\"noopener\"><strong><em>itt<\/em><\/strong><\/a> \u00e9rhet\u0151 el.<\/p>\n<h5>10. Szerz\u0151i jog<\/h5>\n<p>A Macchia Verde Bio \u00e1ltal k\u00e9sz\u00edtett ezen oldalakon tal\u00e1lhat\u00f3 tartalom \u00e9s m\u0171vek a n\u00e9met szerz\u0151i jogi t\u00f6rv\u00e9nyek hat\u00e1lya al\u00e1 tartoznak. A sokszoros\u00edt\u00e1shoz, feldolgoz\u00e1shoz, terjeszt\u00e9shez \u00e9s a szerz\u0151i jogi korl\u00e1tokon k\u00edv\u00fcli felhaszn\u00e1l\u00e1shoz az adott szerz\u0151 vagy alkot\u00f3 \u00edr\u00e1sos hozz\u00e1j\u00e1rul\u00e1sa sz\u00fcks\u00e9ges. Az oldal let\u00f6lt\u00e9se \u00e9s m\u00e1solata csak mag\u00e1nc\u00e9l\u00fa, nem kereskedelmi c\u00e9lokra enged\u00e9lyezett. Amennyiben az oldal tartalm\u00e1t nem az \u00fczemeltet\u0151 hozta l\u00e9tre, harmadik felek szerz\u0151i jogait tiszteletben tartj\u00e1k. K\u00fcl\u00f6n\u00f6sen a harmadik f\u00e9lt\u0151l sz\u00e1rmaz\u00f3 tartalmak vannak ilyenk\u00e9nt megjel\u00f6lve. Ha ennek ellen\u00e9re szerz\u0151i jogs\u00e9rt\u00e9sr\u0151l szerez tudom\u00e1st, k\u00e9rj\u00fck, \u00e9rtes\u00edtsen benn\u00fcnket. Ha b\u00e1rmilyen jogs\u00e9rt\u00e9st \u00e9szlel\u00fcnk, azonnal elt\u00e1vol\u00edtjuk az ilyen tartalmat.      <\/p>\n<h5>11. Oldalainkon tal\u00e1lhat\u00f3 tartalom \u00e9s linkek<\/h5>\n<p>11.1&nbsp;&nbsp;&nbsp;  Oldalaink tartalma a legnagyobb gondoss\u00e1ggal k\u00e9sz\u00fclt. A tartalom pontoss\u00e1g\u00e1\u00e9rt, teljess\u00e9g\u00e9\u00e9rt \u00e9s aktualit\u00e1s\u00e1\u00e9rt azonban nem v\u00e1llalunk felel\u0151ss\u00e9get. Szolg\u00e1ltat\u00f3k\u00e9nt felel\u0151ss\u00e9ggel tartozunk ezen weboldalak saj\u00e1t tartalm\u00e1\u00e9rt a n\u00e9met telem\u00e9diat\u00f6rv\u00e9ny (TMG) 7. szakasz\u00e1nak 1. bekezd\u00e9se szerint. A TMG 8\u201310. \u00a7-ai szerint azonban mi, mint szolg\u00e1ltat\u00f3k nem vagyunk k\u00f6telesek ellen\u0151rizni a tov\u00e1bb\u00edtott vagy t\u00e1rolt harmadik f\u00e9lt\u0151l sz\u00e1rmaz\u00f3 inform\u00e1ci\u00f3kat, vagy kivizsg\u00e1lni azokat a k\u00f6r\u00fclm\u00e9nyeket, amelyek illeg\u00e1lis tev\u00e9kenys\u00e9gre utalnak. Az inform\u00e1ci\u00f3k elt\u00e1vol\u00edt\u00e1s\u00e1ra vagy felhaszn\u00e1l\u00e1s\u00e1nak blokkol\u00e1s\u00e1ra vonatkoz\u00f3 \u00e1ltal\u00e1nos t\u00f6rv\u00e9nyi k\u00f6telezetts\u00e9gek v\u00e1ltozatlanok maradnak. A felel\u0151ss\u00e9g azonban ebben a tekintetben csak akkor lehets\u00e9ges, ha tudom\u00e1st szerez egy konkr\u00e9t jogs\u00e9rt\u00e9sr\u0151l. Ha tudom\u00e1sunkra jut ilyen jogs\u00e9rt\u00e9s, azonnal elt\u00e1vol\u00edtjuk ezt a tartalmat.       <\/p>\n<p>11.2 Aj\u00e1nlatunk k\u00fcls\u0151, harmadik felek webhelyeire mutat\u00f3 hivatkoz\u00e1sokat tartalmaz, amelyek tartalm\u00e1ra nincs befoly\u00e1sunk.<br> Ez\u00e9rt nem tudunk felel\u0151ss\u00e9get v\u00e1llalni ez\u00e9rt a k\u00fcls\u0151 tartalom\u00e9rt. A hivatkozott oldalak tartalm\u00e1\u00e9rt minden esetben az oldalak megfelel\u0151 szolg\u00e1ltat\u00f3ja vagy \u00fczemeltet\u0151je felel\u0151s. <\/p>\n<p>A linkelt oldalakat a linkel\u00e9skor ellen\u0151rizt\u00fck, hogy nem t\u00f6rt\u00e9nt-e jogs\u00e9rt\u00e9s. Az illeg\u00e1lis tartalom a linkel\u00e9s id\u0151pontj\u00e1ban nem volt felismerhet\u0151. A hivatkozott oldalak tartalm\u00e1nak folyamatos ellen\u0151rz\u00e9se azonban nem \u00e9sszer\u0171 a jogs\u00e9rt\u00e9s konkr\u00e9t bizony\u00edt\u00e9ka n\u00e9lk\u00fcl. Ha b\u00e1rmilyen jogs\u00e9rt\u00e9st \u00e9szlel\u00fcnk, az ilyen hivatkoz\u00e1sokat azonnal elt\u00e1vol\u00edtjuk.   <\/p>\n<h5>12. Z\u00e1r\u00f3 rendelkez\u00e9sek<\/h5>\n<p>Az \u00e1ruk nemzetk\u00f6zi ad\u00e1sv\u00e9teli szerz\u0151d\u00e9seir\u0151l sz\u00f3l\u00f3 ENSZ-egyezm\u00e9ny alkalmaz\u00e1sa a n\u00e9met jog hat\u00e1lya al\u00e1 tartozik. A megrendel\u00e9ssel \u00d6n elfogadja a web\u00e1ruh\u00e1z \u00e1ltal\u00e1nos szerz\u0151d\u00e9si felt\u00e9teleit.<br> Ha az \u00fcgyf\u00e9l nem rendelkezik \u00e1ltal\u00e1nos illet\u00e9kess\u00e9gi hellyel N\u00e9metorsz\u00e1gban vagy egy m\u00e1sik EU-tag\u00e1llamban, a jelen szerz\u0151d\u00e9sb\u0151l ered\u0151 valamennyi jogvit\u00e1k kiz\u00e1r\u00f3lagos illet\u00e9kess\u00e9gi helye a sz\u00e9khely\u00fcnk: <strong>Bari Ker\u00fcleti B\u00edr\u00f3s\u00e1g.&nbsp;<\/strong> (BA) <\/p>\n","protected":false},"excerpt":{"rendered":"","protected":false},"author":1,"featured_media":0,"parent":0,"menu_order":7,"comment_status":"closed","ping_status":"closed","template":"","meta":{"footnotes":""},"class_list":["post-21693","page","type-page","status-publish","hentry"],"_links":{"self":[{"href":"https:\/\/macchiaverde-bio.shop\/hu\/wp-json\/wp\/v2\/pages\/21693","targetHints":{"allow":["GET"]}}],"collection":[{"href":"https:\/\/macchiaverde-bio.shop\/hu\/wp-json\/wp\/v2\/pages"}],"about":[{"href":"https:\/\/macchiaverde-bio.shop\/hu\/wp-json\/wp\/v2\/types\/page"}],"author":[{"embeddable":true,"href":"https:\/\/macchiaverde-bio.shop\/hu\/wp-json\/wp\/v2\/users\/1"}],"replies":[{"embeddable":true,"href":"https:\/\/macchiaverde-bio.shop\/hu\/wp-json\/wp\/v2\/comments?post=21693"}],"version-history":[{"count":0,"href":"https:\/\/macchiaverde-bio.shop\/hu\/wp-json\/wp\/v2\/pages\/21693\/revisions"}],"wp:attachment":[{"href":"https:\/\/macchiaverde-bio.shop\/hu\/wp-json\/wp\/v2\/media?parent=21693"}],"curies":[{"name":"wp","href":"https:\/\/api.w.org\/{rel}","templated":true}]}}